{"id":4471,"date":"2020-03-31T11:05:24","date_gmt":"2020-03-31T15:05:24","guid":{"rendered":"https:\/\/experienceparkland.com\/covid-19\/"},"modified":"2023-09-25T14:27:28","modified_gmt":"2023-09-25T18:27:28","slug":"covid-19","status":"publish","type":"page","link":"https:\/\/experienceparkland.com\/fr\/covid-19\/","title":{"rendered":"Mises \u00e0 jour sur la COVID-19"},"content":{"rendered":"\n<p><strong>Pour plus de mises \u00e0 jour sur la COVID-19, d\u00e9filez vers le bas jusqu&rsquo;\u00e0 la section Derni\u00e8res mises \u00e0 jour.<\/strong><\/p>\n\n\n\n<hr class=\"wp-block-separator has-css-opacity\"\/>\n\n\n\n<div style=\"height:50px\" aria-hidden=\"true\" class=\"wp-block-spacer\"><\/div>\n\n\n\n<hr class=\"wp-block-separator has-css-opacity\"\/>\n\n\n\n<p>Notre organisation enti\u00e8re continue de se concentrer sur la mise en \u0153uvre de notre plan de pand\u00e9mie d\u00e9velopp\u00e9 avec la contribution et l\u2019expertise de chacune des provinces o\u00f9 nous op\u00e9rons. Bien que nous soyons pass\u00e9s rapidement \u00e0 l\u2019action concr\u00e8te pour prot\u00e9ger nos communaut\u00e9s, la situation est en \u00e9volution constante. Tous les jours, les \u00e9quipes de partout dans l\u2019organisation se rencontrent et utilisent le plan pour orienter leurs interventions afin d\u2019assurer la s\u00e9curit\u00e9 de nos communaut\u00e9s. <\/p>\n\n\n\n<p>Vous trouverez ci-dessous des informations importantes sur les mesures que nous prenons dans nos communaut\u00e9s relatives \u00e0 la pand\u00e9mie mondiale de la COVID-19. Cette page est mise \u00e0 jour r\u00e9guli\u00e8rement, donc si vous ne trouvez pas ce que vous cherchez, n\u2019h\u00e9sitez pas \u00e0 communiquer avec nous. Nos coordonn\u00e9es sont indiqu\u00e9es plus bas. <\/p>\n\n\n\n<ul class=\"wp-block-list\"><li><span lang=\"FR-CA\"><strong>Visites&nbsp;:&nbsp;<\/strong>Toutes nos communaut\u00e9s se conforment aux directives de Sant\u00e9 publique relatives aux visites. Veuillez communiquer directement avec votre communaut\u00e9 pour confirmer le statut des visites. Les coordonn\u00e9es de toutes nos communaut\u00e9s se trouvent&nbsp;<a rel=\"noreferrer noopener\" href=\"https:\/\/www.shannex.com\/community-contacts\/\" target=\"_blank\">ici<\/a>.<\/span><\/li><li><span lang=\"FR-CA\"><strong>Protocole de d\u00e9pistage du personnel&nbsp;: <\/strong>Chaque membre du personnel de Parkland participe aux protocoles de d\u00e9pistage avant d\u2019entrer au lieu de travail. Ces protocoles sont conformes aux directives \u00e9mises par les agences provinciales de la sant\u00e9, notamment la v\u00e9rification de la temp\u00e9rature de toute personne arrivant au travail. De plus, chaque membre du personnel devra entrer par une seule et m\u00eame porte d\u00e9sign\u00e9e.&nbsp; <\/span><\/li><li><strong><strong>Maintenir son niveau d\u2019activit\u00e9 et ses liens personnels&nbsp;<\/strong>:&nbsp;<\/strong>Nous continuons d\u2019encourager les personnes r\u00e9sidentes \u00e0 demeurer actives tout en respectant les principes de la distanciation physique. Garder les liens avec ses proches est aussi d\u2019une grande importance, surtout dans les p\u00e9riodes d\u2019incertitude. Toutes les communaut\u00e9s offrent des programmes pour aider les personnes r\u00e9sidentes \u00e0 communiquer avec leurs proches \u00e0 l\u2019aide d\u2019appels vid\u00e9o, d\u2019appels t\u00e9l\u00e9phoniques, de courriels et de livraisons.<\/li><li><span lang=\"FR-CA\"><strong>Livraisons&nbsp;: <\/strong>Dans le cadre de notre r\u00e9ponse en \u00e9volution, nous traitons et surveillons de pr\u00e8s nos livraisons de mani\u00e8re \u00e0 assurer le respect des pratiques exemplaires de contr\u00f4le des infections et de protection des personnes r\u00e9sidentes et du personnel. Pour plus de d\u00e9tails sur comment organiser une livraison dans votre \u00e9tablissement, veuillez communiquer avec l\u2019\u00e9quipe de gestion<\/span><\/li><li><strong><strong>Services culinaires&nbsp;: <\/strong><\/strong>Les salles \u00e0 manger et le service de repas ont \u00e9t\u00e9 modifi\u00e9s, au besoin, pour assurer la conformit\u00e9 aux normes de distanciation physique pr\u00e9cis\u00e9es dans les directives de Sant\u00e9 publique.<\/li><li><b><span lang=\"FR-CA\">Nettoyage :<\/span><\/b><span lang=\"FR-CA\"> Les protocoles de nettoyage et de d\u00e9sinfection rehauss\u00e9s demeurent en vigueur. &nbsp;<\/span><\/li><li><strong>Mise \u00e0 jour sur les communications communautaires :<\/strong> Chaque communaut\u00e9 envoie r\u00e9guli\u00e8rement des mises \u00e0 jour aux personnes r\u00e9sidentes et \u00e0 leurs familles. Si vous ne recevez pas actuellement ces messages, veuillez communiquer directement avec votre communaut\u00e9 pour vous inscrire \u00e0 la liste de diffusion par courriel.<\/li><\/ul>\n\n\n\n<hr class=\"wp-block-separator has-css-opacity\"\/>\n\n\n\n<p><\/p>\n\n\n\n<p>Pour plus de d\u00e9tails sur les mesures que nous avons prises pour prendre soin de vos proches,&nbsp;<strong><a href=\"https:\/\/www.shannex.com\/our-actions-during-covid-19\/\">cliquez ici<\/a><\/strong>.<\/p>\n\n\n\n<p><strong>Ligne d\u2019information : <span lang=\"FR-CA\">1-877-541-0835&nbsp;<\/span><\/strong><\/p>\n\n\n\n<p><strong>Courriel : <span lang=\"FR-CA\">&nbsp;<\/span><a href=\"mailto:ipac@shannex.com\"><span lang=\"FR-CA\">ipac@shannex.com<\/span><\/a><\/strong><\/p>\n\n\n\n<div style=\"height:50px\" aria-hidden=\"true\" class=\"wp-block-spacer\"><\/div>\n\n\n\n<hr class=\"wp-block-separator has-css-opacity\"\/>\n\n\n\n<h2 class=\"wp-block-heading\">Informations pour les personnes r\u00e9sidentes et leurs familles<\/h2>\n\n\n\n<ul class=\"wp-block-list\"><li><a href=\"https:\/\/experienceparkland.com\/fr\/favoriser-lengagement-des-personnes-residentes\/\">Favoriser l\u2019engagement des personnes r\u00e9sidentes<\/a><\/li><li><p class=\"single-title\">FAQ &#8211;&nbsp;<a href=\"https:\/\/www.shannex.com\/fr\/faqs-for-residents-and-families\/\">Foire aux questions pour les personnes r\u00e9sidentes et leurs familles<\/a><\/p><\/li><li><p class=\"single-title\"><a href=\"https:\/\/www.shannex.com\/fr\/faqs-i-have-a-loved-one-in-a-shannex-long-term-care-community\/\">FAQ \u2013 Votre proche r\u00e9side dans une communaut\u00e9 de soins de longue dur\u00e9e ShannexTrouver une communaut\u00e9<\/a><\/p><\/li><li><a href=\"https:\/\/experienceparkland.com\/fr\/fan-votre-proche-reside-dans-une-communaute-de-vie-de-retraite-parkland-ou-faubourg\/\">FAQ \u2013 Votre proche r\u00e9side dans une communaut\u00e9 de vie de retraite Parkland ou Faubourg<\/a><\/li><\/ul>\n\n\n\n<div style=\"height:50px\" aria-hidden=\"true\" class=\"wp-block-spacer\"><\/div>\n\n\n\n<hr class=\"wp-block-separator has-css-opacity\"\/>\n\n\n\n<div style=\"height:50px\" aria-hidden=\"true\" class=\"wp-block-spacer\"><\/div>\n\n\n\n<h2 class=\"wp-block-heading\">Trouver une communaut\u00e9<\/h2>\n\n\n\n<p><a href=\"https:\/\/experienceparkland.com\/locations\/\"><b><span lang=\"FR-CA\">Cliquez ici<\/span><\/b><\/a><span lang=\"FR-CA\"> pour communiquer avec une communaut\u00e9 Shannex, Parkland ou Faubourg. <\/span><\/p>\n\n\n\n<div style=\"height:50px\" aria-hidden=\"true\" class=\"wp-block-spacer\"><\/div>\n\n\n\n<hr class=\"wp-block-separator has-css-opacity\"\/>\n\n\n\n<div style=\"height:50px\" aria-hidden=\"true\" class=\"wp-block-spacer\"><\/div>\n\n\n\n<h2 class=\"wp-block-heading\">Ressources suppl\u00e9mentaires<\/h2>\n\n\n\n<p>Pour obtenir des informations fiables sur la COVID-19, nous recommandons les sources suivantes :<\/p>\n\n\n\n<ul class=\"wp-block-list\"><li><a href=\"https:\/\/www.who.int\/fr\/health-topics\/coronavirus\/coronavirus\">Organisation mondiale de la sant\u00e9<\/a><\/li><li><a href=\"https:\/\/www.canada.ca\/fr\/sante-publique\/services\/maladies\/2019-nouveau-coronavirus\/symptomes.html\">Agence de la sant\u00e9 publique du Canada<\/a><\/li><li><a href=\"https:\/\/novascotia.ca\/coronavirus\/fr\/\">Sant\u00e9 publique de la Nouvelle-\u00c9cosse<\/a><\/li><li><a href=\"https:\/\/www2.gnb.ca\/content\/gnb\/fr\/ministeres\/bmhc\/maladies_transmissibles\/content\/maladies_respiratoires\/coronavirus.html\" target=\"_blank\" rel=\"noopener noreferrer\"><span lang=\"FR-CA\">Sant\u00e9 publique du Nouveau-Brunswick<\/span><\/a><\/li><li><a href=\"https:\/\/www.publichealthontario.ca\/fr\">Sant\u00e9 publique Ontario<\/a><\/li><\/ul>\n","protected":false},"excerpt":{"rendered":"<p>Pour plus de mises \u00e0 jour sur la COVID-19, d\u00e9filez vers le bas jusqu&rsquo;\u00e0 la section Derni\u00e8res mises \u00e0 jour. Notre organisation enti\u00e8re continue de se concentrer sur la mise en \u0153uvre de notre plan de pand\u00e9mie d\u00e9velopp\u00e9 avec la contribution et l\u2019expertise de chacune des provinces o\u00f9 nous op\u00e9rons. Bien que nous soyons pass\u00e9s&#8230; <a class=\"read_more\" title=\"Mises \u00e0 jour sur la COVID-19\" href=\"https:\/\/experienceparkland.com\/fr\/covid-19\/\">Read more<\/a><\/p>\n","protected":false},"author":19,"featured_media":0,"parent":0,"menu_order":0,"comment_status":"closed","ping_status":"closed","template":"page-about-us.php","meta":{"_acf_changed":false,"footnotes":""},"class_list":["post-4471","page","type-page","status-publish","hentry"],"acf":[],"featured_image_src":null,"yoast_head":"<!-- This site is optimized with the Yoast SEO plugin v27.5 - https:\/\/yoast.com\/product\/yoast-seo-wordpress\/ -->\n<title>Mises \u00e0 jour sur la COVID-19 - Parkland Retirement Living<\/title>\n<meta name=\"description\" content=\"Notre organisation enti\u00e8re continue de se concentrer sur la mise en \u0153uvre de notre plan de pand\u00e9mie d\u00e9velopp\u00e9 avec la contribution et l\u2019expertise.\" \/>\n<meta name=\"robots\" content=\"index, follow, max-snippet:-1, max-image-preview:large, max-video-preview:-1\" \/>\n<link rel=\"canonical\" href=\"https:\/\/experienceparkland.com\/fr\/covid-19\/\" \/>\n<meta property=\"og:locale\" content=\"fr_FR\" \/>\n<meta property=\"og:type\" content=\"article\" \/>\n<meta property=\"og:title\" content=\"Mises \u00e0 jour sur la COVID-19 - Parkland Retirement Living\" \/>\n<meta property=\"og:description\" content=\"Notre organisation enti\u00e8re continue de se concentrer sur la mise en \u0153uvre de notre plan de pand\u00e9mie d\u00e9velopp\u00e9 avec la contribution et l\u2019expertise.\" \/>\n<meta property=\"og:url\" content=\"https:\/\/experienceparkland.com\/fr\/covid-19\/\" \/>\n<meta property=\"og:site_name\" content=\"Parkland Retirement Living\" \/>\n<meta property=\"article:modified_time\" content=\"2023-09-25T18:27:28+00:00\" \/>\n<meta name=\"twitter:card\" content=\"summary_large_image\" \/>\n<meta name=\"twitter:label1\" content=\"Est. reading time\" \/>\n\t<meta name=\"twitter:data1\" content=\"3 minutes\" \/>\n<script type=\"application\/ld+json\" class=\"yoast-schema-graph\">{\"@context\":\"https:\\\/\\\/schema.org\",\"@graph\":[{\"@type\":\"WebPage\",\"@id\":\"https:\\\/\\\/experienceparkland.com\\\/fr\\\/covid-19\\\/\",\"url\":\"https:\\\/\\\/experienceparkland.com\\\/fr\\\/covid-19\\\/\",\"name\":\"Mises \u00e0 jour sur la COVID-19 - Parkland Retirement Living\",\"isPartOf\":{\"@id\":\"https:\\\/\\\/experienceparkland.com\\\/fr\\\/#website\"},\"datePublished\":\"2020-03-31T15:05:24+00:00\",\"dateModified\":\"2023-09-25T18:27:28+00:00\",\"description\":\"Notre organisation enti\u00e8re continue de se concentrer sur la mise en \u0153uvre de notre plan de pand\u00e9mie d\u00e9velopp\u00e9 avec la contribution et l\u2019expertise.\",\"breadcrumb\":{\"@id\":\"https:\\\/\\\/experienceparkland.com\\\/fr\\\/covid-19\\\/#breadcrumb\"},\"inLanguage\":\"fr-FR\",\"potentialAction\":[{\"@type\":\"ReadAction\",\"target\":[\"https:\\\/\\\/experienceparkland.com\\\/fr\\\/covid-19\\\/\"]}]},{\"@type\":\"BreadcrumbList\",\"@id\":\"https:\\\/\\\/experienceparkland.com\\\/fr\\\/covid-19\\\/#breadcrumb\",\"itemListElement\":[{\"@type\":\"ListItem\",\"position\":1,\"name\":\"Home\",\"item\":\"https:\\\/\\\/experienceparkland.com\\\/fr\\\/\"},{\"@type\":\"ListItem\",\"position\":2,\"name\":\"Mises \u00e0 jour sur la COVID-19\"}]},{\"@type\":\"WebSite\",\"@id\":\"https:\\\/\\\/experienceparkland.com\\\/fr\\\/#website\",\"url\":\"https:\\\/\\\/experienceparkland.com\\\/fr\\\/\",\"name\":\"Parkland Retirement Living\",\"description\":\"\",\"potentialAction\":[{\"@type\":\"SearchAction\",\"target\":{\"@type\":\"EntryPoint\",\"urlTemplate\":\"https:\\\/\\\/experienceparkland.com\\\/fr\\\/?s={search_term_string}\"},\"query-input\":{\"@type\":\"PropertyValueSpecification\",\"valueRequired\":true,\"valueName\":\"search_term_string\"}}],\"inLanguage\":\"fr-FR\"}]}<\/script>\n<!-- \/ Yoast SEO plugin. -->","yoast_head_json":{"title":"Mises \u00e0 jour sur la COVID-19 - Parkland Retirement Living","description":"Notre organisation enti\u00e8re continue de se concentrer sur la mise en \u0153uvre de notre plan de pand\u00e9mie d\u00e9velopp\u00e9 avec la contribution et l\u2019expertise.","robots":{"index":"index","follow":"follow","max-snippet":"max-snippet:-1","max-image-preview":"max-image-preview:large","max-video-preview":"max-video-preview:-1"},"canonical":"https:\/\/experienceparkland.com\/fr\/covid-19\/","og_locale":"fr_FR","og_type":"article","og_title":"Mises \u00e0 jour sur la COVID-19 - Parkland Retirement Living","og_description":"Notre organisation enti\u00e8re continue de se concentrer sur la mise en \u0153uvre de notre plan de pand\u00e9mie d\u00e9velopp\u00e9 avec la contribution et l\u2019expertise.","og_url":"https:\/\/experienceparkland.com\/fr\/covid-19\/","og_site_name":"Parkland Retirement Living","article_modified_time":"2023-09-25T18:27:28+00:00","twitter_card":"summary_large_image","twitter_misc":{"Est. reading time":"3 minutes"},"schema":{"@context":"https:\/\/schema.org","@graph":[{"@type":"WebPage","@id":"https:\/\/experienceparkland.com\/fr\/covid-19\/","url":"https:\/\/experienceparkland.com\/fr\/covid-19\/","name":"Mises \u00e0 jour sur la COVID-19 - Parkland Retirement Living","isPartOf":{"@id":"https:\/\/experienceparkland.com\/fr\/#website"},"datePublished":"2020-03-31T15:05:24+00:00","dateModified":"2023-09-25T18:27:28+00:00","description":"Notre organisation enti\u00e8re continue de se concentrer sur la mise en \u0153uvre de notre plan de pand\u00e9mie d\u00e9velopp\u00e9 avec la contribution et l\u2019expertise.","breadcrumb":{"@id":"https:\/\/experienceparkland.com\/fr\/covid-19\/#breadcrumb"},"inLanguage":"fr-FR","potentialAction":[{"@type":"ReadAction","target":["https:\/\/experienceparkland.com\/fr\/covid-19\/"]}]},{"@type":"BreadcrumbList","@id":"https:\/\/experienceparkland.com\/fr\/covid-19\/#breadcrumb","itemListElement":[{"@type":"ListItem","position":1,"name":"Home","item":"https:\/\/experienceparkland.com\/fr\/"},{"@type":"ListItem","position":2,"name":"Mises \u00e0 jour sur la COVID-19"}]},{"@type":"WebSite","@id":"https:\/\/experienceparkland.com\/fr\/#website","url":"https:\/\/experienceparkland.com\/fr\/","name":"Parkland Retirement Living","description":"","potentialAction":[{"@type":"SearchAction","target":{"@type":"EntryPoint","urlTemplate":"https:\/\/experienceparkland.com\/fr\/?s={search_term_string}"},"query-input":{"@type":"PropertyValueSpecification","valueRequired":true,"valueName":"search_term_string"}}],"inLanguage":"fr-FR"}]}},"_links":{"self":[{"href":"https:\/\/experienceparkland.com\/fr\/wp-json\/wp\/v2\/pages\/4471","targetHints":{"allow":["GET"]}}],"collection":[{"href":"https:\/\/experienceparkland.com\/fr\/wp-json\/wp\/v2\/pages"}],"about":[{"href":"https:\/\/experienceparkland.com\/fr\/wp-json\/wp\/v2\/types\/page"}],"author":[{"embeddable":true,"href":"https:\/\/experienceparkland.com\/fr\/wp-json\/wp\/v2\/users\/19"}],"replies":[{"embeddable":true,"href":"https:\/\/experienceparkland.com\/fr\/wp-json\/wp\/v2\/comments?post=4471"}],"version-history":[{"count":0,"href":"https:\/\/experienceparkland.com\/fr\/wp-json\/wp\/v2\/pages\/4471\/revisions"}],"wp:attachment":[{"href":"https:\/\/experienceparkland.com\/fr\/wp-json\/wp\/v2\/media?parent=4471"}],"curies":[{"name":"wp","href":"https:\/\/api.w.org\/{rel}","templated":true}]}}